{"id":996,"date":"2025-05-09T10:01:27","date_gmt":"2025-05-09T08:01:27","guid":{"rendered":"https:\/\/lamadelartista.cat\/contratanos\/"},"modified":"2026-03-11T15:47:33","modified_gmt":"2026-03-11T14:47:33","slug":"contratanos","status":"publish","type":"page","link":"https:\/\/lamadelartista.cat\/es\/contratanos\/","title":{"rendered":"CONTR\u00c1TANOS"},"content":{"rendered":"<p>[et_pb_section fb_built=\u00bb1&#8243; _builder_version=\u00bb4.27.4&#8243; _module_preset=\u00bbdefault\u00bb background_color=\u00bbrgba(211,222,215,0.86)\u00bb background_image=\u00bbhttps:\/\/lamadelartista.cat\/wp-content\/uploads\/\/fonts-contacte-la-ma-de-lartista-1.svg\u00bb background_size=\u00bbcustom\u00bb background_image_width=\u00bb50%\u00bb background_position=\u00bbbottom_left\u00bb module_alignment=\u00bbright\u00bb custom_margin=\u00bb0px||0px||true|false\u00bb custom_padding=\u00bb0em||0em||true|false\u00bb background_last_edited=\u00bboff|desktop\u00bb background_image_tablet=\u00bbhttps:\/\/lamadelartista.cat\/wp-content\/uploads\/fonts-contacte-la-ma-de-lartista-1.svg\u00bb background_image_phone=\u00bbhttps:\/\/lamadelartista.cat\/wp-content\/uploads\/fonts-contacte-la-ma-de-lartista-1.svg\u00bb background_enable_image_tablet=\u00bbon\u00bb background_enable_image_phone=\u00bbon\u00bb background_size_tablet=\u00bbcover\u00bb background_size_phone=\u00bbcover\u00bb background_position_tablet=\u00bbcenter\u00bb global_colors_info=\u00bb{}\u00bb][et_pb_row custom_padding_last_edited=\u00bbon|tablet\u00bb _builder_version=\u00bb4.27.4&#8243; _module_preset=\u00bbdefault\u00bb background_image=\u00bbhttps:\/\/lamadelartista.cat\/wp-content\/uploads\/imatge-contacte-la-ma-de-lartista.webp\u00bb background_size=\u00bbcustom\u00bb background_image_width=\u00bb50%\u00bb background_position=\u00bbcenter_right\u00bb width=\u00bb100%\u00bb max_width=\u00bb100%\u00bb custom_margin=\u00bb0px||0px||true|false\u00bb custom_padding=\u00bb8em||8em||true|false\u00bb custom_padding_tablet=\u00bb4em|5%|4em|5%|true|true\u00bb custom_padding_phone=\u00bb4em|5%|4em|5%|true|true\u00bb background_last_edited=\u00bbon|tablet\u00bb background_image_tablet=\u00bbhttps:\/\/lamadelartista.cat\/wp-content\/uploads\/fonts-contacte-la-ma-de-lartista-1.svg\u00bb background_enable_image_tablet=\u00bbon\u00bb background_size_tablet=\u00bbcover\u00bb background_image_width_tablet=\u00bb100%\u00bb locked=\u00bboff\u00bb global_colors_info=\u00bb{}\u00bb][et_pb_column type=\u00bb4_4&#8243; _builder_version=\u00bb4.27.4&#8243; _module_preset=\u00bbdefault\u00bb global_colors_info=\u00bb{}\u00bb][et_pb_text _builder_version=\u00bb4.27.4&#8243; _module_preset=\u00bbdefault\u00bb text_font_size=\u00bb25px\u00bb header_font=\u00bbArvo|||on|||||\u00bb header_text_align=\u00bbleft\u00bb header_line_height=\u00bb1.2em\u00bb header_2_font=\u00bbArvo|700||on|||||\u00bb header_2_font_size=\u00bb30px\u00bb text_orientation=\u00bbcenter\u00bb width=\u00bb90%\u00bb max_width=\u00bb1200px\u00bb module_alignment=\u00bbcenter\u00bb custom_margin=\u00bb||1em||false|false\u00bb header_font_size_tablet=\u00bb25px\u00bb header_font_size_phone=\u00bb25px\u00bb header_font_size_last_edited=\u00bbon|tablet\u00bb header_2_font_size_tablet=\u00bb25px\u00bb header_2_font_size_phone=\u00bb25px\u00bb header_2_font_size_last_edited=\u00bbon|desktop\u00bb custom_css_free_form=\u00bbselector h1, selector h2, selector h3{||  padding-bottom:0px;||}\u00bb locked=\u00bboff\u00bb global_colors_info=\u00bb{}\u00bb]<\/p>\n<h1><strong>Contr\u00e1tanos<\/strong><\/h1>\n<p>[\/et_pb_text][et_pb_text _builder_version=\u00bb4.27.4&#8243; _module_preset=\u00bbdefault\u00bb header_font=\u00bb|||on|||||\u00bb width=\u00bb90%\u00bb width_last_edited=\u00bboff|desktop\u00bb max_width=\u00bb1200px\u00bb module_alignment=\u00bbcenter\u00bb custom_margin=\u00bb||0.5em||false|false\u00bb custom_padding=\u00bb|||1em|false|false\u00bb custom_padding_tablet=\u00bb5em||5em||true|false\u00bb custom_padding_phone=\u00bb5em||5em||true|false\u00bb custom_padding_last_edited=\u00bboff|desktop\u00bb hover_enabled=\u00bb0&#8243; global_colors_info=\u00bb{}\u00bb sticky_enabled=\u00bb0&#8243;]<\/p>\n<p style=\"text-align: left;\"><i class=\"fa-regular fa-envelope\" style=\"font-size: 15px; color: #c31052;\"><\/i> <a href=\"mailto:info@lamadelartista.cat\">info@lamadelartista.cat<\/a> <\/p>\n<p>[\/et_pb_text][et_pb_text _builder_version=\u00bb4.27.4&#8243; _module_preset=\u00bbdefault\u00bb header_font=\u00bb|||on|||||\u00bb width=\u00bb90%\u00bb max_width=\u00bb1200px\u00bb module_alignment=\u00bbcenter\u00bb custom_margin=\u00bb||0.5em||false|false\u00bb custom_padding=\u00bb|||1em|false|false\u00bb global_colors_info=\u00bb{}\u00bb]<\/p>\n<p><i class=\"fa-solid fa-phone\" style=\"font-size: 15px; color: #c31052;\"><\/i> <a href=\"tel:+34636168337\">Gl\u00f2ria Arrufat +34 636 168 337<\/a><\/p>\n<p>[\/et_pb_text][et_pb_text _builder_version=\u00bb4.27.4&#8243; _module_preset=\u00bbdefault\u00bb header_font=\u00bb|||on|||||\u00bb width=\u00bb90%\u00bb max_width=\u00bb1200px\u00bb module_alignment=\u00bbcenter\u00bb custom_margin=\u00bb||0.5em||false|false\u00bb custom_padding=\u00bb|||1em|false|false\u00bb global_colors_info=\u00bb{}\u00bb]<\/p>\n<p><i class=\"fa-solid fa-phone\" style=\"font-size: 15px; color: #c31052;\"><\/i> <a href=\"tel:+34649358562\">Maria Sierra +34 649 358 562<\/a><\/p>\n<p>[\/et_pb_text][et_pb_text _builder_version=\u00bb4.27.4&#8243; _module_preset=\u00bbdefault\u00bb header_font=\u00bb|||on|||||\u00bb width=\u00bb90%\u00bb max_width=\u00bb1200px\u00bb module_alignment=\u00bbcenter\u00bb custom_margin=\u00bb||0.5em||false|false\u00bb custom_padding=\u00bb|||1em|false|false\u00bb global_colors_info=\u00bb{}\u00bb]<i class=\"fa-solid fa-phone\" style=\"font-size: 15px; color: #c31052;\"><\/i> <a href=\"tel:+34660 212 992\">Raquel Loscos +34 660 212 992<\/a>[\/et_pb_text][et_pb_text _builder_version=\u00bb4.27.4&#8243; _module_preset=\u00bbdefault\u00bb header_font=\u00bb|||on|||||\u00bb width=\u00bb90%\u00bb max_width=\u00bb1200px\u00bb module_alignment=\u00bbcenter\u00bb custom_margin=\u00bb||0.5em||false|false\u00bb custom_padding=\u00bb|||1em|false|false\u00bb global_colors_info=\u00bb{}\u00bb]<i class=\"fa-brands fa-youtube\" style=\"font-size: 15px; color: #c31052;\"><\/i> <a href=\"https:\/\/www.youtube.com\/@lamadelartista2167\">La M\u00e0 de l&#8217;Artista<\/a>[\/et_pb_text][et_pb_text _builder_version=\u00bb4.27.4&#8243; _module_preset=\u00bbdefault\u00bb header_font=\u00bb|||on|||||\u00bb width=\u00bb90%\u00bb max_width=\u00bb1200px\u00bb module_alignment=\u00bbcenter\u00bb custom_margin=\u00bb||0.5em||false|false\u00bb custom_padding=\u00bb|||1em|false|false\u00bb global_colors_info=\u00bb{}\u00bb]<i class=\"fa-brands fa-instagram\" style=\"font-size: 15px; color: #c31052;\"><\/i> <a href=\"https:\/\/www.instagram.com\/alamadelartista\/\" target=\"_blank\" rel=\"noopener\">@alamadelartista<\/a>[\/et_pb_text][et_pb_image src=\u00bbhttps:\/\/lamadelartista.cat\/wp-content\/uploads\/imatge-contacte-la-ma-de-lartista.webp\u00bb alt=\u00bbLa m\u00e0 de l&#039;artista EQUIPO\u00bb title_text=\u00bbimatge-contacte-la-ma-de-lartista\u00bb align=\u00bbcenter\u00bb disabled_on=\u00bboff|off|on\u00bb _builder_version=\u00bb4.27.4&#8243; _module_preset=\u00bbdefault\u00bb custom_margin=\u00bb2em||||false|false\u00bb global_colors_info=\u00bb{}\u00bb][\/et_pb_image][\/et_pb_column][\/et_pb_row][\/et_pb_section]<\/p>\n","protected":false},"excerpt":{"rendered":"<p>Contr\u00e1tanos info@lamadelartista.cat Gl\u00f2ria Arrufat +34 636 168 337 Maria Sierra +34 649 358 562 Raquel Loscos +34 660 212 992 La M\u00e0 de l&#8217;Artista @alamadelartista<\/p>\n","protected":false},"author":1,"featured_media":0,"parent":0,"menu_order":0,"comment_status":"closed","ping_status":"closed","template":"","meta":{"_acf_changed":false,"_et_pb_use_builder":"on","_et_pb_old_content":"","_et_gb_content_width":"","inline_featured_image":false,"footnotes":""},"class_list":["post-996","page","type-page","status-publish","hentry"],"acf":[],"yoast_head":"<!-- This site is optimized with the Yoast SEO plugin v27.5 - https:\/\/yoast.com\/product\/yoast-seo-wordpress\/ -->\n<title>CONTR\u00c1TANOS - La m\u00e0 de l&#039;artista<\/title>\n<meta name=\"robots\" content=\"index, follow, max-snippet:-1, max-image-preview:large, max-video-preview:-1\" \/>\n<link rel=\"canonical\" href=\"https:\/\/lamadelartista.cat\/contacte\/\" \/>\n<meta property=\"og:locale\" content=\"es_ES\" \/>\n<meta property=\"og:type\" content=\"article\" \/>\n<meta property=\"og:title\" content=\"CONTR\u00c1TANOS - La m\u00e0 de l&#039;artista\" \/>\n<meta property=\"og:description\" content=\"Contr\u00e1tanos info@lamadelartista.cat Gl\u00f2ria Arrufat +34 636 168 337 Maria Sierra +34 649 358 562 Raquel Loscos +34 660 212 992 La M\u00e0 de l&#039;Artista @alamadelartista\" \/>\n<meta property=\"og:url\" content=\"https:\/\/lamadelartista.cat\/contacte\/\" \/>\n<meta property=\"og:site_name\" content=\"La m\u00e0 de l&#039;artista\" \/>\n<meta property=\"article:modified_time\" content=\"2026-03-11T14:47:33+00:00\" \/>\n<meta name=\"twitter:card\" content=\"summary_large_image\" \/>\n<meta name=\"twitter:label1\" content=\"Tiempo de lectura\" \/>\n\t<meta name=\"twitter:data1\" content=\"3 minutos\" \/>\n<script type=\"application\/ld+json\" class=\"yoast-schema-graph\">{\"@context\":\"https:\\\/\\\/schema.org\",\"@graph\":[{\"@type\":\"WebPage\",\"@id\":\"https:\\\/\\\/lamadelartista.cat\\\/contacte\\\/\",\"url\":\"https:\\\/\\\/lamadelartista.cat\\\/contacte\\\/\",\"name\":\"CONTR\u00c1TANOS - La m\u00e0 de l&#039;artista\",\"isPartOf\":{\"@id\":\"https:\\\/\\\/lamadelartista.cat\\\/#website\"},\"datePublished\":\"2025-05-09T08:01:27+00:00\",\"dateModified\":\"2026-03-11T14:47:33+00:00\",\"breadcrumb\":{\"@id\":\"https:\\\/\\\/lamadelartista.cat\\\/contacte\\\/#breadcrumb\"},\"inLanguage\":\"es\",\"potentialAction\":[{\"@type\":\"ReadAction\",\"target\":[\"https:\\\/\\\/lamadelartista.cat\\\/contacte\\\/\"]}]},{\"@type\":\"BreadcrumbList\",\"@id\":\"https:\\\/\\\/lamadelartista.cat\\\/contacte\\\/#breadcrumb\",\"itemListElement\":[{\"@type\":\"ListItem\",\"position\":1,\"name\":\"Home\",\"item\":\"https:\\\/\\\/lamadelartista.cat\\\/\"},{\"@type\":\"ListItem\",\"position\":2,\"name\":\"CONTR\u00c1TANOS\"}]},{\"@type\":\"WebSite\",\"@id\":\"https:\\\/\\\/lamadelartista.cat\\\/#website\",\"url\":\"https:\\\/\\\/lamadelartista.cat\\\/\",\"name\":\"The Office BCN\",\"description\":\"\",\"publisher\":{\"@id\":\"https:\\\/\\\/lamadelartista.cat\\\/#organization\"},\"potentialAction\":[{\"@type\":\"SearchAction\",\"target\":{\"@type\":\"EntryPoint\",\"urlTemplate\":\"https:\\\/\\\/lamadelartista.cat\\\/?s={search_term_string}\"},\"query-input\":{\"@type\":\"PropertyValueSpecification\",\"valueRequired\":true,\"valueName\":\"search_term_string\"}}],\"inLanguage\":\"es\"},{\"@type\":\"Organization\",\"@id\":\"https:\\\/\\\/lamadelartista.cat\\\/#organization\",\"name\":\"The Office BCN\",\"url\":\"https:\\\/\\\/lamadelartista.cat\\\/\",\"logo\":{\"@type\":\"ImageObject\",\"inLanguage\":\"es\",\"@id\":\"https:\\\/\\\/lamadelartista.cat\\\/#\\\/schema\\\/logo\\\/image\\\/\",\"url\":\"http:\\\/\\\/lamadelartista.cat\\\/wp-content\\\/uploads\\\/the_office_barcelona_coworking_logo.png\",\"contentUrl\":\"http:\\\/\\\/lamadelartista.cat\\\/wp-content\\\/uploads\\\/the_office_barcelona_coworking_logo.png\",\"width\":782,\"height\":115,\"caption\":\"The Office BCN\"},\"image\":{\"@id\":\"https:\\\/\\\/lamadelartista.cat\\\/#\\\/schema\\\/logo\\\/image\\\/\"}}]}<\/script>\n<!-- \/ Yoast SEO plugin. -->","yoast_head_json":{"title":"CONTR\u00c1TANOS - La m\u00e0 de l&#039;artista","robots":{"index":"index","follow":"follow","max-snippet":"max-snippet:-1","max-image-preview":"max-image-preview:large","max-video-preview":"max-video-preview:-1"},"canonical":"https:\/\/lamadelartista.cat\/contacte\/","og_locale":"es_ES","og_type":"article","og_title":"CONTR\u00c1TANOS - La m\u00e0 de l&#039;artista","og_description":"Contr\u00e1tanos info@lamadelartista.cat Gl\u00f2ria Arrufat +34 636 168 337 Maria Sierra +34 649 358 562 Raquel Loscos +34 660 212 992 La M\u00e0 de l'Artista @alamadelartista","og_url":"https:\/\/lamadelartista.cat\/contacte\/","og_site_name":"La m\u00e0 de l&#039;artista","article_modified_time":"2026-03-11T14:47:33+00:00","twitter_card":"summary_large_image","twitter_misc":{"Tiempo de lectura":"3 minutos"},"schema":{"@context":"https:\/\/schema.org","@graph":[{"@type":"WebPage","@id":"https:\/\/lamadelartista.cat\/contacte\/","url":"https:\/\/lamadelartista.cat\/contacte\/","name":"CONTR\u00c1TANOS - La m\u00e0 de l&#039;artista","isPartOf":{"@id":"https:\/\/lamadelartista.cat\/#website"},"datePublished":"2025-05-09T08:01:27+00:00","dateModified":"2026-03-11T14:47:33+00:00","breadcrumb":{"@id":"https:\/\/lamadelartista.cat\/contacte\/#breadcrumb"},"inLanguage":"es","potentialAction":[{"@type":"ReadAction","target":["https:\/\/lamadelartista.cat\/contacte\/"]}]},{"@type":"BreadcrumbList","@id":"https:\/\/lamadelartista.cat\/contacte\/#breadcrumb","itemListElement":[{"@type":"ListItem","position":1,"name":"Home","item":"https:\/\/lamadelartista.cat\/"},{"@type":"ListItem","position":2,"name":"CONTR\u00c1TANOS"}]},{"@type":"WebSite","@id":"https:\/\/lamadelartista.cat\/#website","url":"https:\/\/lamadelartista.cat\/","name":"The Office BCN","description":"","publisher":{"@id":"https:\/\/lamadelartista.cat\/#organization"},"potentialAction":[{"@type":"SearchAction","target":{"@type":"EntryPoint","urlTemplate":"https:\/\/lamadelartista.cat\/?s={search_term_string}"},"query-input":{"@type":"PropertyValueSpecification","valueRequired":true,"valueName":"search_term_string"}}],"inLanguage":"es"},{"@type":"Organization","@id":"https:\/\/lamadelartista.cat\/#organization","name":"The Office BCN","url":"https:\/\/lamadelartista.cat\/","logo":{"@type":"ImageObject","inLanguage":"es","@id":"https:\/\/lamadelartista.cat\/#\/schema\/logo\/image\/","url":"http:\/\/lamadelartista.cat\/wp-content\/uploads\/the_office_barcelona_coworking_logo.png","contentUrl":"http:\/\/lamadelartista.cat\/wp-content\/uploads\/the_office_barcelona_coworking_logo.png","width":782,"height":115,"caption":"The Office BCN"},"image":{"@id":"https:\/\/lamadelartista.cat\/#\/schema\/logo\/image\/"}}]}},"_links":{"self":[{"href":"https:\/\/lamadelartista.cat\/es\/wp-json\/wp\/v2\/pages\/996","targetHints":{"allow":["GET"]}}],"collection":[{"href":"https:\/\/lamadelartista.cat\/es\/wp-json\/wp\/v2\/pages"}],"about":[{"href":"https:\/\/lamadelartista.cat\/es\/wp-json\/wp\/v2\/types\/page"}],"author":[{"embeddable":true,"href":"https:\/\/lamadelartista.cat\/es\/wp-json\/wp\/v2\/users\/1"}],"replies":[{"embeddable":true,"href":"https:\/\/lamadelartista.cat\/es\/wp-json\/wp\/v2\/comments?post=996"}],"version-history":[{"count":10,"href":"https:\/\/lamadelartista.cat\/es\/wp-json\/wp\/v2\/pages\/996\/revisions"}],"predecessor-version":[{"id":1573,"href":"https:\/\/lamadelartista.cat\/es\/wp-json\/wp\/v2\/pages\/996\/revisions\/1573"}],"wp:attachment":[{"href":"https:\/\/lamadelartista.cat\/es\/wp-json\/wp\/v2\/media?parent=996"}],"curies":[{"name":"wp","href":"https:\/\/api.w.org\/{rel}","templated":true}]}}