{"id":993,"date":"2025-05-08T09:32:13","date_gmt":"2025-05-08T07:32:13","guid":{"rendered":"https:\/\/lamadelartista.cat\/calendario\/"},"modified":"2026-03-11T15:49:33","modified_gmt":"2026-03-11T14:49:33","slug":"calendario","status":"publish","type":"page","link":"https:\/\/lamadelartista.cat\/es\/calendario\/","title":{"rendered":"Calendario"},"content":{"rendered":"<p>[et_pb_section fb_built=\u00bb1&#8243; _builder_version=\u00bb4.27.4&#8243; _module_preset=\u00bbdefault\u00bb background_image=\u00bbhttps:\/\/lamadelartista.cat\/wp-content\/uploads\/\/fonts-calendari-la-ma-de-lartista.svg\u00bb custom_padding=\u00bb0px||0px||true|false\u00bb global_colors_info=\u00bb{}\u00bb][et_pb_row _builder_version=\u00bb4.27.4&#8243; _module_preset=\u00bbdefault\u00bb width=\u00bb90%\u00bb custom_padding=\u00bb4em||4em||true|false\u00bb locked=\u00bboff\u00bb global_colors_info=\u00bb{}\u00bb][et_pb_column type=\u00bb4_4&#8243; _builder_version=\u00bb4.27.4&#8243; _module_preset=\u00bbdefault\u00bb global_colors_info=\u00bb{}\u00bb][et_pb_text _builder_version=\u00bb4.27.4&#8243; _module_preset=\u00bbdefault\u00bb text_font_size=\u00bb25px\u00bb header_font=\u00bb&#8211;et_global_heading_font|700||on|||||\u00bb header_line_height=\u00bb1.2em\u00bb header_2_font=\u00bbArvo|700||on|||||\u00bb header_2_font_size=\u00bb30px\u00bb text_orientation=\u00bbcenter\u00bb custom_margin=\u00bb||0px||false|false\u00bb hover_enabled=\u00bb0&#8243; header_font_size_tablet=\u00bb25px\u00bb header_font_size_phone=\u00bb25px\u00bb header_font_size_last_edited=\u00bbon|tablet\u00bb header_2_font_size_tablet=\u00bb25px\u00bb header_2_font_size_phone=\u00bb25px\u00bb header_2_font_size_last_edited=\u00bbon|desktop\u00bb custom_css_free_form=\u00bbselector h1, selector h2, selector h3{||  padding-bottom:0px;||}\u00bb locked=\u00bboff\u00bb global_colors_info=\u00bb{}\u00bb sticky_enabled=\u00bb0&#8243;]<\/p>\n<h1><strong>Calendario<\/strong><\/h1>\n<p>[\/et_pb_text][\/et_pb_column][\/et_pb_row][\/et_pb_section][et_pb_section fb_built=\u00bb1&#8243; custom_padding_last_edited=\u00bboff|desktop\u00bb _builder_version=\u00bb4.27.4&#8243; _module_preset=\u00bbdefault\u00bb background_color=\u00bb#FFFFFF\u00bb background_image=\u00bbhttps:\/\/lamadelartista.cat\/wp-content\/uploads\/calendari-ma-de-lartista-ninots.webp\u00bb background_size=\u00bbcustom\u00bb background_image_width=\u00bb100%\u00bb background_position=\u00bbtop_center\u00bb custom_padding_phone=\u00bb1em||1em||false|false\u00bb background_last_edited=\u00bbon|phone\u00bb background_size_tablet=\u00bbcustom\u00bb background_image_width_tablet=\u00bb100%\u00bb background_image_width_phone=\u00bb100%\u00bb background_image_height_tablet=\u00bb50%\u00bb background_image_height_phone=\u00bb30%\u00bb locked=\u00bboff\u00bb global_colors_info=\u00bb{}\u00bb][et_pb_row _builder_version=\u00bb4.27.4&#8243; _module_preset=\u00bbdefault\u00bb width=\u00bb90%\u00bb custom_margin=\u00bb||3em||false|false\u00bb custom_padding=\u00bb0em||0em||true|false\u00bb global_colors_info=\u00bb{}\u00bb][et_pb_column type=\u00bb4_4&#8243; _builder_version=\u00bb4.27.4&#8243; _module_preset=\u00bbdefault\u00bb global_colors_info=\u00bb{}\u00bb][et_pb_text _builder_version=\u00bb4.27.4&#8243; _module_preset=\u00bbdefault\u00bb text_font_size=\u00bb25px\u00bb header_2_font=\u00bbArvo|700||on|||||\u00bb header_2_font_size=\u00bb30px\u00bb text_orientation=\u00bbcenter\u00bb custom_margin=\u00bb||0px||false|false\u00bb header_2_font_size_tablet=\u00bb25px\u00bb header_2_font_size_phone=\u00bb25px\u00bb header_2_font_size_last_edited=\u00bbon|phone\u00bb custom_css_free_form=\u00bbselector h1, selector h2, selector h3{||  padding-bottom:0px;||}\u00bb global_colors_info=\u00bb{}\u00bb]<\/p>\n<h2><strong>Calendario 2026<\/strong><\/h2>\n<p>[\/et_pb_text][\/et_pb_column][\/et_pb_row][et_pb_row _builder_version=\u00bb4.27.4&#8243; _module_preset=\u00bbdefault\u00bb width=\u00bb90%\u00bb custom_padding=\u00bb0em||0em||true|false\u00bb global_colors_info=\u00bb{}\u00bb][et_pb_column type=\u00bb4_4&#8243; _builder_version=\u00bb4.27.4&#8243; _module_preset=\u00bbdefault\u00bb global_colors_info=\u00bb{}\u00bb][et_pb_code _builder_version=\u00bb4.27.4&#8243; _module_preset=\u00bbdefault\u00bb background_color=\u00bb#FFFFFF\u00bb max_width=\u00bb768px\u00bb module_alignment=\u00bbcenter\u00bb motion_trigger_start=\u00bbtop\u00bb custom_css_free_form=\u00bbselector iframe{||  margin:auto;||  text-align:center;||}\u00bb global_colors_info=\u00bb{}\u00bb]<pee><div class=\"simcal-calendar simcal-default-calendar simcal-default-calendar-list simcal-default-calendar-light\" data-calendar-id=\"1135\" data-timezone=\"Europe\/Madrid\" data-offset=\"7200\" data-week-start=\"1\" data-calendar-start=\"1777500000\" data-calendar-end=\"1779015600\" data-events-first=\"1779012000\" data-events-last=\"1779015600\"><div class=\"simcal-calendar-list \"><dl class=\"simcal-events-list-container\" data-prev=\"1745964000\" data-next=\"1809036000\" data-heading-small=\"mayo 2026\" data-heading-large=\"mayo 2026\">\t<dt class=\"simcal-day-label\" style=\"border-bottom: 1px solid #000000;\" ><span style=\"background-color: #000000; color: #ffffff;\"><span class=\"simcal-date-format\" data-date-format=\"F Y\">mayo 2026<\/span> <\/span><\/dt>\n<dd class=\"simcal-weekday-0 simcal-past simcal-day simcal-day-has-events simcal-day-has-1-events simcal-events-calendar-1135\" data-events-count=\"1\">\n\t<ul class=\"simcal-events\">\n\t<li class=\"simcal-event simcal-events-calendar-1135\" style=\"\" itemscope itemtype=\"http:\/\/schema.org\/Event\" data-start=\"1779012000\">\n\t\t<div class=\"simcal-event-details\"><p><strong><span class=\"simcal-event-title\" itemprop=\"name\">17 Putxi i Nel\u2022li, desmuntant, rutines a Montgat 12:30h<\/span><\/strong><\/p>\n<p><span class=\"simcal-event-start simcal-event-start-date\" data-event-start=\"1779012000\" data-event-format=\"F Y\" itemprop=\"startDate\" content=\"2026-05-17T12:00:00+02:00\">mayo 2026<\/span>&nbsp;&nbsp;<span class=\"simcal-event-start simcal-event-start-time\" data-event-start=\"1779012000\" data-event-format=\"H:i\" itemprop=\"startDate\" content=\"2026-05-17T12:00:00+02:00\">12:00<\/span> - <span class=\"simcal-event-end simcal-event-end-time\" data-event-end=\"1779015600\" data-event-format=\"H:i\" itemprop=\"endDate\" content=\"2026-05-17T13:00:00+02:00\">13:00<\/span><br \/>\n <span class=\"simcal-event-address simcal-event-start-location\" itemprop=\"location\" itemscope itemtype=\"http:\/\/schema.org\/Place\"><meta itemprop=\"name\" content=\"17 Putxi i Nel\u2022li, desmuntant, rutines a Montgat 12:30h\" \/><meta itemprop=\"address\" content=\"17 Putxi i Nel\u2022li, desmuntant, rutines a Montgat 12:30h\" \/><\/span><\/p>\n<div><\/div>\n<p> <a href=\"https:\/\/www.google.com\/calendar\/event?eid=YzloM2lwMWpjcGo2OGJiMmNwajM2YjlrNnNzamdiYjE2NHAzZ2JiNDY5aW00cGo2NmNyNmFvaGk2byBhbGFtYWRlbGFydGlzdGFAbQ&#038;ctz=Europe\/Madrid\" target=\"_blank\" >M\u00e9s detalls<\/a><\/p><\/div>\n\t<\/li>\n<\/ul>\n\n<\/dd>\n<\/dl><div class=\"simcal-ajax-loader simcal-spinner-top\" style=\"display: none;\"><i class=\"simcal-icon-spinner simcal-icon-spin\"><\/i><\/div><\/div><\/div><\/pee>[\/et_pb_code][\/et_pb_column][\/et_pb_row][\/et_pb_section][et_pb_section fb_built=\u00bb1&#8243; _builder_version=\u00bb4.27.4&#8243; _module_preset=\u00bbdefault\u00bb background_image=\u00bbhttps:\/\/lamadelartista.cat\/wp-content\/uploads\/\/fonts-contacte-la-ma-de-lartista-1.svg\u00bb custom_padding=\u00bb0px||0px||true|false\u00bb saved_tabs=\u00bball\u00bb global_colors_info=\u00bb{}\u00bb][et_pb_row column_structure=\u00bb1_2,1_4,1_4&#8243; make_equal=\u00bbon\u00bb custom_padding_last_edited=\u00bboff|desktop\u00bb _builder_version=\u00bb4.27.4&#8243; _module_preset=\u00bbdefault\u00bb width=\u00bb90%\u00bb module_alignment=\u00bbcenter\u00bb custom_padding=\u00bb3em||3em||true|false\u00bb custom_padding_tablet=\u00bb||||false|false\u00bb custom_padding_phone=\u00bb0em||0em||true|false\u00bb custom_css_main_element=\u00bbalign-items:center;\u00bb global_colors_info=\u00bb{}\u00bb][et_pb_column type=\u00bb1_2&#8243; _builder_version=\u00bb4.27.4&#8243; _module_preset=\u00bbdefault\u00bb custom_css_main_element=\u00bbdisplay:flex;||flex-flow:wrap;\u00bb global_colors_info=\u00bb{}\u00bb custom_css_main_element_last_edited=\u00bbon|phone\u00bb custom_css_main_element_phone=\u00bbflex-flow:column;\u00bb custom_css_main_element_tablet=\u00bbdisplay:flex;||flex-flow:wrap;\u00bb][et_pb_text _builder_version=\u00bb4.27.4&#8243; _module_preset=\u00bbdefault\u00bb text_font_size=\u00bb25px\u00bb header_2_font=\u00bbArvo|||on|||||\u00bb header_2_text_align=\u00bbleft\u00bb header_2_font_size=\u00bb30px\u00bb text_orientation=\u00bbcenter\u00bb custom_margin=\u00bb||0em||false|false\u00bb header_2_font_size_tablet=\u00bb25px\u00bb header_2_font_size_phone=\u00bb25px\u00bb header_2_font_size_last_edited=\u00bbon|phone\u00bb custom_css_free_form=\u00bbselector h1, selector h2, selector h3{||  padding-bottom:0px;||}\u00bb global_colors_info=\u00bb{}\u00bb]<\/p>\n<h2 style=\"text-align: left;\"><strong>CONT<\/strong>(R)<strong>\u00c1TANOS<\/strong><\/h2>\n<p>[\/et_pb_text][\/et_pb_column][et_pb_column type=\u00bb1_4&#8243; _builder_version=\u00bb4.27.4&#8243; _module_preset=\u00bbdefault\u00bb custom_css_main_element=\u00bbdisplay:flex;||flex-flow:wrap;\u00bb global_colors_info=\u00bb{}\u00bb custom_css_main_element_last_edited=\u00bbon|phone\u00bb custom_css_main_element_phone=\u00bbflex-flow:column;\u00bb custom_css_main_element_tablet=\u00bbdisplay:flex;||flex-flow:wrap;\u00bb][et_pb_text _builder_version=\u00bb4.27.4&#8243; _module_preset=\u00bbdefault\u00bb text_text_color=\u00bb#000000&#8243; header_3_font=\u00bb||||||||\u00bb header_3_text_align=\u00bbcenter\u00bb header_3_text_color=\u00bb#000000&#8243; header_3_font_size=\u00bb18px\u00bb text_orientation=\u00bbcenter\u00bb width_tablet=\u00bb\u00bb width_phone=\u00bb\u00bb width_last_edited=\u00bbon|phone\u00bb max_width_tablet=\u00bb\u00bb max_width_phone=\u00bb\u00bb max_width_last_edited=\u00bbon|tablet\u00bb custom_margin=\u00bb||0px||false|false\u00bb custom_padding_tablet=\u00bb\u00bb custom_padding_phone=\u00bb1em||1em||false|false\u00bb custom_padding_last_edited=\u00bbon|phone\u00bb custom_css_free_form=\u00bbselector i{||  font-size:25px;||  margin-bottom:1em;||}\u00bb global_colors_info=\u00bb{}\u00bb]<\/p>\n<p style=\"text-align: left;\"><i class=\"fa-regular fa-envelope\" style=\"font-size: 15px; color: #c31052;\"><\/i> <a href=\"mailto:info@lamadelartista.cat\">info@lamadelartista.cat<\/a><br \/>\n<i class=\"fa-solid fa-phone\" style=\"font-size: 15px; color: #c31052;\"><\/i> <a href=\"tel:+34636168337\">Gl\u00f2ria Arrufat +34 636 168 337<\/a><br \/>\n<i class=\"fa-solid fa-phone\" style=\"font-size: 15px; color: #c31052;\"><\/i> <a href=\"tel:+34660212992\">Raquel Loscos +34 660 212 992<\/a><\/p>\n<p>[\/et_pb_text][\/et_pb_column][et_pb_column type=\u00bb1_4&#8243; _builder_version=\u00bb4.27.4&#8243; _module_preset=\u00bbdefault\u00bb custom_css_main_element=\u00bbdisplay:flex;||flex-flow:wrap;\u00bb global_colors_info=\u00bb{}\u00bb custom_css_main_element_last_edited=\u00bbon|phone\u00bb custom_css_main_element_phone=\u00bbflex-flow:column;\u00bb custom_css_main_element_tablet=\u00bbdisplay:flex;||flex-flow:wrap;\u00bb][et_pb_text _builder_version=\u00bb4.27.4&#8243; _module_preset=\u00bbdefault\u00bb text_text_color=\u00bb#000000&#8243; header_3_font=\u00bb||||||||\u00bb header_3_text_align=\u00bbcenter\u00bb header_3_text_color=\u00bb#000000&#8243; header_3_font_size=\u00bb18px\u00bb text_orientation=\u00bbcenter\u00bb width_tablet=\u00bb\u00bb width_phone=\u00bb100%\u00bb width_last_edited=\u00bbon|tablet\u00bb max_width_tablet=\u00bb\u00bb max_width_phone=\u00bb100%\u00bb max_width_last_edited=\u00bbon|tablet\u00bb custom_margin=\u00bb||0px||false|false\u00bb custom_padding_tablet=\u00bb\u00bb custom_padding_phone=\u00bb0em||1em||false|false\u00bb custom_padding_last_edited=\u00bbon|phone\u00bb custom_css_free_form=\u00bbselector i{||  font-size:25px;||  margin-bottom:1em;||}\u00bb global_colors_info=\u00bb{}\u00bb]<\/p>\n<p><i class=\"fa-brands fa-youtube\" style=\"font-size: 15px; color: #c31052;\"><\/i> <a href=\"https:\/\/www.youtube.com\/@lamadelartista2167\">La M\u00e0 de l&#8217;Artista<\/a><br \/>\n<i class=\"fa-brands fa-instagram\" style=\"font-size: 15px; color: #c31052;\"><\/i> <a href=\"https:\/\/www.instagram.com\/alamadelartista\/\" target=\"_blank\" rel=\"noopener\">@alamadelartista<\/a><\/p>\n<p>[\/et_pb_text][\/et_pb_column][\/et_pb_row][\/et_pb_section]<\/p>\n","protected":false},"excerpt":{"rendered":"<p>CalendarioCalendario 2026<div class=\"simcal-calendar simcal-default-calendar simcal-default-calendar-list simcal-default-calendar-light simcal-default-calendar-light\" data-calendar-id=\"1135\" data-timezone=\"Europe\/Madrid\" data-offset=\"7200\" data-week-start=\"1\" data-calendar-start=\"1777500000\" data-calendar-end=\"1779015600\" data-events-first=\"1779012000\" data-events-last=\"1779015600\"><div class=\"simcal-calendar-list \"><dl class=\"simcal-events-list-container\" data-prev=\"1745964000\" data-next=\"1809036000\" data-heading-small=\"mayo 2026\" data-heading-large=\"mayo 2026\">\t<dt class=\"simcal-day-label\" style=\"border-bottom: 1px solid #000000;\" ><span style=\"background-color: #000000; color: #ffffff;\"><span class=\"simcal-date-format\" data-date-format=\"F Y\">mayo 2026<\/span> <\/span><\/dt>\n<dd class=\"simcal-weekday-0 simcal-past simcal-day simcal-day-has-events simcal-day-has-1-events simcal-events-calendar-1135\" data-events-count=\"1\">\n\t<ul class=\"simcal-events\">\n\t<li class=\"simcal-event simcal-events-calendar-1135\" style=\"\" itemscope itemtype=\"http:\/\/schema.org\/Event\" data-start=\"1779012000\">\n\t\t<div class=\"simcal-event-details\"><p><strong><span class=\"simcal-event-title\" itemprop=\"name\">17 Putxi i Nel\u2022li, desmuntant, rutines a Montgat 12:30h<\/span><\/strong><\/p>\n<p><span class=\"simcal-event-start simcal-event-start-date\" data-event-start=\"1779012000\" data-event-format=\"F Y\" itemprop=\"startDate\" content=\"2026-05-17T12:00:00+02:00\">mayo 2026<\/span>&nbsp;&nbsp;<span class=\"simcal-event-start simcal-event-start-time\" data-event-start=\"1779012000\" data-event-format=\"H:i\" itemprop=\"startDate\" content=\"2026-05-17T12:00:00+02:00\">12:00<\/span> - <span class=\"simcal-event-end simcal-event-end-time\" data-event-end=\"1779015600\" data-event-format=\"H:i\" itemprop=\"endDate\" content=\"2026-05-17T13:00:00+02:00\">13:00<\/span><br \/>\n <span class=\"simcal-event-address simcal-event-start-location\" itemprop=\"location\" itemscope itemtype=\"http:\/\/schema.org\/Place\"><meta itemprop=\"name\" content=\"17 Putxi i Nel\u2022li, desmuntant, rutines a Montgat 12:30h\" \/><meta itemprop=\"address\" content=\"17 Putxi i Nel\u2022li, desmuntant, rutines a Montgat 12:30h\" \/><\/span><\/p>\n<div><\/div>\n<p> <a href=\"https:\/\/www.google.com\/calendar\/event?eid=YzloM2lwMWpjcGo2OGJiMmNwajM2YjlrNnNzamdiYjE2NHAzZ2JiNDY5aW00cGo2NmNyNmFvaGk2byBhbGFtYWRlbGFydGlzdGFAbQ&#038;ctz=Europe\/Madrid\" target=\"_blank\" >M\u00e9s detalls<\/a><\/p><\/div>\n\t<\/li>\n<\/ul>\n\n<\/dd>\n<\/dl><div class=\"simcal-ajax-loader simcal-spinner-top\" style=\"display: none;\"><i class=\"simcal-icon-spinner simcal-icon-spin\"><\/i><\/div><\/div><\/div>CONT(R)\u00c1TANOS info@lamadelartista.cat Gl\u00f2ria Arrufat +34 636 168 337 Raquel Loscos +34 660 212 992 La M\u00e0 de l&#8217;Artista @alamadelartista<\/p>\n","protected":false},"author":1,"featured_media":0,"parent":0,"menu_order":0,"comment_status":"closed","ping_status":"closed","template":"","meta":{"_acf_changed":false,"_et_pb_use_builder":"on","_et_pb_old_content":"","_et_gb_content_width":"","inline_featured_image":false,"footnotes":""},"class_list":["post-993","page","type-page","status-publish","hentry"],"acf":[],"yoast_head":"<!-- This site is optimized with the Yoast SEO plugin v27.5 - https:\/\/yoast.com\/product\/yoast-seo-wordpress\/ -->\n<title>Calendario - La m\u00e0 de l&#039;artista<\/title>\n<meta name=\"robots\" content=\"index, follow, max-snippet:-1, max-image-preview:large, max-video-preview:-1\" \/>\n<link rel=\"canonical\" href=\"https:\/\/lamadelartista.cat\/calendari\/\" \/>\n<meta property=\"og:locale\" content=\"es_ES\" \/>\n<meta property=\"og:type\" content=\"article\" \/>\n<meta property=\"og:title\" content=\"Calendario - La m\u00e0 de l&#039;artista\" \/>\n<meta property=\"og:description\" content=\"CalendarioCalendario 2026CONT(R)\u00c1TANOS info@lamadelartista.cat Gl\u00f2ria Arrufat +34 636 168 337 Raquel Loscos +34 660 212 992 La M\u00e0 de l&#039;Artista @alamadelartista\" \/>\n<meta property=\"og:url\" content=\"https:\/\/lamadelartista.cat\/calendari\/\" \/>\n<meta property=\"og:site_name\" content=\"La m\u00e0 de l&#039;artista\" \/>\n<meta property=\"article:modified_time\" content=\"2026-03-11T14:49:33+00:00\" \/>\n<meta name=\"twitter:card\" content=\"summary_large_image\" \/>\n<meta name=\"twitter:label1\" content=\"Tiempo de lectura\" \/>\n\t<meta name=\"twitter:data1\" content=\"5 minutos\" \/>\n<script type=\"application\/ld+json\" class=\"yoast-schema-graph\">{\"@context\":\"https:\\\/\\\/schema.org\",\"@graph\":[{\"@type\":\"WebPage\",\"@id\":\"https:\\\/\\\/lamadelartista.cat\\\/calendari\\\/\",\"url\":\"https:\\\/\\\/lamadelartista.cat\\\/calendari\\\/\",\"name\":\"Calendario - La m\u00e0 de l&#039;artista\",\"isPartOf\":{\"@id\":\"https:\\\/\\\/lamadelartista.cat\\\/#website\"},\"datePublished\":\"2025-05-08T07:32:13+00:00\",\"dateModified\":\"2026-03-11T14:49:33+00:00\",\"breadcrumb\":{\"@id\":\"https:\\\/\\\/lamadelartista.cat\\\/calendari\\\/#breadcrumb\"},\"inLanguage\":\"es\",\"potentialAction\":[{\"@type\":\"ReadAction\",\"target\":[\"https:\\\/\\\/lamadelartista.cat\\\/calendari\\\/\"]}]},{\"@type\":\"BreadcrumbList\",\"@id\":\"https:\\\/\\\/lamadelartista.cat\\\/calendari\\\/#breadcrumb\",\"itemListElement\":[{\"@type\":\"ListItem\",\"position\":1,\"name\":\"Home\",\"item\":\"https:\\\/\\\/lamadelartista.cat\\\/\"},{\"@type\":\"ListItem\",\"position\":2,\"name\":\"Calendario\"}]},{\"@type\":\"WebSite\",\"@id\":\"https:\\\/\\\/lamadelartista.cat\\\/#website\",\"url\":\"https:\\\/\\\/lamadelartista.cat\\\/\",\"name\":\"The Office BCN\",\"description\":\"\",\"publisher\":{\"@id\":\"https:\\\/\\\/lamadelartista.cat\\\/#organization\"},\"potentialAction\":[{\"@type\":\"SearchAction\",\"target\":{\"@type\":\"EntryPoint\",\"urlTemplate\":\"https:\\\/\\\/lamadelartista.cat\\\/?s={search_term_string}\"},\"query-input\":{\"@type\":\"PropertyValueSpecification\",\"valueRequired\":true,\"valueName\":\"search_term_string\"}}],\"inLanguage\":\"es\"},{\"@type\":\"Organization\",\"@id\":\"https:\\\/\\\/lamadelartista.cat\\\/#organization\",\"name\":\"The Office BCN\",\"url\":\"https:\\\/\\\/lamadelartista.cat\\\/\",\"logo\":{\"@type\":\"ImageObject\",\"inLanguage\":\"es\",\"@id\":\"https:\\\/\\\/lamadelartista.cat\\\/#\\\/schema\\\/logo\\\/image\\\/\",\"url\":\"http:\\\/\\\/lamadelartista.cat\\\/wp-content\\\/uploads\\\/the_office_barcelona_coworking_logo.png\",\"contentUrl\":\"http:\\\/\\\/lamadelartista.cat\\\/wp-content\\\/uploads\\\/the_office_barcelona_coworking_logo.png\",\"width\":782,\"height\":115,\"caption\":\"The Office BCN\"},\"image\":{\"@id\":\"https:\\\/\\\/lamadelartista.cat\\\/#\\\/schema\\\/logo\\\/image\\\/\"}}]}<\/script>\n<!-- \/ Yoast SEO plugin. -->","yoast_head_json":{"title":"Calendario - La m\u00e0 de l&#039;artista","robots":{"index":"index","follow":"follow","max-snippet":"max-snippet:-1","max-image-preview":"max-image-preview:large","max-video-preview":"max-video-preview:-1"},"canonical":"https:\/\/lamadelartista.cat\/calendari\/","og_locale":"es_ES","og_type":"article","og_title":"Calendario - La m\u00e0 de l&#039;artista","og_description":"CalendarioCalendario 2026CONT(R)\u00c1TANOS info@lamadelartista.cat Gl\u00f2ria Arrufat +34 636 168 337 Raquel Loscos +34 660 212 992 La M\u00e0 de l'Artista @alamadelartista","og_url":"https:\/\/lamadelartista.cat\/calendari\/","og_site_name":"La m\u00e0 de l&#039;artista","article_modified_time":"2026-03-11T14:49:33+00:00","twitter_card":"summary_large_image","twitter_misc":{"Tiempo de lectura":"5 minutos"},"schema":{"@context":"https:\/\/schema.org","@graph":[{"@type":"WebPage","@id":"https:\/\/lamadelartista.cat\/calendari\/","url":"https:\/\/lamadelartista.cat\/calendari\/","name":"Calendario - La m\u00e0 de l&#039;artista","isPartOf":{"@id":"https:\/\/lamadelartista.cat\/#website"},"datePublished":"2025-05-08T07:32:13+00:00","dateModified":"2026-03-11T14:49:33+00:00","breadcrumb":{"@id":"https:\/\/lamadelartista.cat\/calendari\/#breadcrumb"},"inLanguage":"es","potentialAction":[{"@type":"ReadAction","target":["https:\/\/lamadelartista.cat\/calendari\/"]}]},{"@type":"BreadcrumbList","@id":"https:\/\/lamadelartista.cat\/calendari\/#breadcrumb","itemListElement":[{"@type":"ListItem","position":1,"name":"Home","item":"https:\/\/lamadelartista.cat\/"},{"@type":"ListItem","position":2,"name":"Calendario"}]},{"@type":"WebSite","@id":"https:\/\/lamadelartista.cat\/#website","url":"https:\/\/lamadelartista.cat\/","name":"The Office BCN","description":"","publisher":{"@id":"https:\/\/lamadelartista.cat\/#organization"},"potentialAction":[{"@type":"SearchAction","target":{"@type":"EntryPoint","urlTemplate":"https:\/\/lamadelartista.cat\/?s={search_term_string}"},"query-input":{"@type":"PropertyValueSpecification","valueRequired":true,"valueName":"search_term_string"}}],"inLanguage":"es"},{"@type":"Organization","@id":"https:\/\/lamadelartista.cat\/#organization","name":"The Office BCN","url":"https:\/\/lamadelartista.cat\/","logo":{"@type":"ImageObject","inLanguage":"es","@id":"https:\/\/lamadelartista.cat\/#\/schema\/logo\/image\/","url":"http:\/\/lamadelartista.cat\/wp-content\/uploads\/the_office_barcelona_coworking_logo.png","contentUrl":"http:\/\/lamadelartista.cat\/wp-content\/uploads\/the_office_barcelona_coworking_logo.png","width":782,"height":115,"caption":"The Office BCN"},"image":{"@id":"https:\/\/lamadelartista.cat\/#\/schema\/logo\/image\/"}}]}},"_links":{"self":[{"href":"https:\/\/lamadelartista.cat\/es\/wp-json\/wp\/v2\/pages\/993","targetHints":{"allow":["GET"]}}],"collection":[{"href":"https:\/\/lamadelartista.cat\/es\/wp-json\/wp\/v2\/pages"}],"about":[{"href":"https:\/\/lamadelartista.cat\/es\/wp-json\/wp\/v2\/types\/page"}],"author":[{"embeddable":true,"href":"https:\/\/lamadelartista.cat\/es\/wp-json\/wp\/v2\/users\/1"}],"replies":[{"embeddable":true,"href":"https:\/\/lamadelartista.cat\/es\/wp-json\/wp\/v2\/comments?post=993"}],"version-history":[{"count":27,"href":"https:\/\/lamadelartista.cat\/es\/wp-json\/wp\/v2\/pages\/993\/revisions"}],"predecessor-version":[{"id":1584,"href":"https:\/\/lamadelartista.cat\/es\/wp-json\/wp\/v2\/pages\/993\/revisions\/1584"}],"wp:attachment":[{"href":"https:\/\/lamadelartista.cat\/es\/wp-json\/wp\/v2\/media?parent=993"}],"curies":[{"name":"wp","href":"https:\/\/api.w.org\/{rel}","templated":true}]}}