{"id":1002,"date":"2025-05-08T15:31:39","date_gmt":"2025-05-08T13:31:39","guid":{"rendered":"https:\/\/lamadelartista.cat\/quienes-somos\/"},"modified":"2026-02-20T11:07:59","modified_gmt":"2026-02-20T10:07:59","slug":"quienes-somos","status":"publish","type":"page","link":"https:\/\/lamadelartista.cat\/es\/quienes-somos\/","title":{"rendered":"QUI\u00c9NES SOMOS"},"content":{"rendered":"<p>[et_pb_section fb_built=\u00bb1&#8243; _builder_version=\u00bb4.27.4&#8243; _module_preset=\u00bbdefault\u00bb background_image=\u00bbhttps:\/\/lamadelartista.cat\/wp-content\/uploads\/fonts-qui-som-la-ma-de-lartista.svg\u00bb custom_padding=\u00bb0em||0em||true|false\u00bb global_colors_info=\u00bb{}\u00bb][et_pb_row _builder_version=\u00bb4.27.4&#8243; _module_preset=\u00bbdefault\u00bb width=\u00bb90%\u00bb custom_padding=\u00bb4em||4em||true|false\u00bb global_colors_info=\u00bb{}\u00bb][et_pb_column type=\u00bb4_4&#8243; _builder_version=\u00bb4.27.4&#8243; _module_preset=\u00bbdefault\u00bb global_colors_info=\u00bb{}\u00bb][et_pb_text _builder_version=\u00bb4.27.4&#8243; _module_preset=\u00bbdefault\u00bb text_font_size=\u00bb25px\u00bb header_font=\u00bb&#8211;et_global_heading_font|700||on|||||\u00bb header_line_height=\u00bb1.2em\u00bb header_2_font=\u00bbArvo|700||on|||||\u00bb header_2_font_size=\u00bb30px\u00bb text_orientation=\u00bbcenter\u00bb custom_margin=\u00bb||0px||false|false\u00bb hover_enabled=\u00bb0&#8243; header_font_size_tablet=\u00bb25px\u00bb header_font_size_phone=\u00bb25px\u00bb header_font_size_last_edited=\u00bbon|tablet\u00bb header_2_font_size_tablet=\u00bb25px\u00bb header_2_font_size_phone=\u00bb25px\u00bb header_2_font_size_last_edited=\u00bbon|desktop\u00bb custom_css_free_form=\u00bbselector h1, selector h2, selector h3{||  padding-bottom:0px;||}\u00bb locked=\u00bboff\u00bb global_colors_info=\u00bb{}\u00bb sticky_enabled=\u00bb0&#8243;]<\/p>\n<h1><strong>Qui\u00e9nes somos<\/strong><\/h1>\n<p>[\/et_pb_text][\/et_pb_column][\/et_pb_row][\/et_pb_section][et_pb_section fb_built=\u00bb1&#8243; _builder_version=\u00bb4.27.4&#8243; _module_preset=\u00bbdefault\u00bb custom_padding=\u00bb||0px||false|false\u00bb global_colors_info=\u00bb{}\u00bb][et_pb_row column_structure=\u00bb1_3,1_3,1_3&#8243; _builder_version=\u00bb4.27.4&#8243; _module_preset=\u00bbdefault\u00bb width=\u00bb90%\u00bb custom_padding=\u00bb0px||4em||false|false\u00bb locked=\u00bboff\u00bb global_colors_info=\u00bb{}\u00bb][et_pb_column type=\u00bb1_3&#8243; _builder_version=\u00bb4.27.4&#8243; _module_preset=\u00bbdefault\u00bb custom_padding_tablet=\u00bb||2em||false|false\u00bb custom_padding_phone=\u00bb||1em||false|false\u00bb custom_padding_last_edited=\u00bbon|phone\u00bb global_colors_info=\u00bb{}\u00bb][et_pb_image src=\u00bbhttps:\/\/lamadelartista.cat\/wp-content\/uploads\/equip-ma-gloria-arrufat-la-ma-de-lartista.webp\u00bb title_text=\u00bbequip-gloria-arrufat-la-ma-de-lartista\u00bb align=\u00bbcenter\u00bb _builder_version=\u00bb4.27.4&#8243; _module_preset=\u00bbdefault\u00bb max_width=\u00bb200px\u00bb module_alignment=\u00bbcenter\u00bb global_colors_info=\u00bb{}\u00bb src__hover_enabled=\u00bbon|hover\u00bb src__hover=\u00bbhttps:\/\/lamadelartista.cat\/wp-content\/uploads\/equip-gloria-arrufat-la-ma-de-lartista.webp\u00bb][\/et_pb_image][et_pb_text _builder_version=\u00bb4.27.4&#8243; _module_preset=\u00bbdefault\u00bb text_font_size=\u00bb25px\u00bb header_2_font=\u00bbArvo|700||on|||||\u00bb header_2_font_size=\u00bb30px\u00bb header_3_font=\u00bbArvo||||||||\u00bb header_3_text_align=\u00bbcenter\u00bb header_3_font_size=\u00bb30px\u00bb header_3_line_height=\u00bb1.2em\u00bb text_orientation=\u00bbcenter\u00bb custom_margin=\u00bb||0.5em||false|false\u00bb header_3_font_size_tablet=\u00bb25px\u00bb header_3_font_size_phone=\u00bb20px\u00bb header_3_font_size_last_edited=\u00bbon|phone\u00bb custom_css_free_form=\u00bbselector h1, selector h2, selector h3{||  padding-bottom:0px;||}\u00bb locked=\u00bboff\u00bb global_colors_info=\u00bb{}\u00bb]<\/p>\n<h3>Gl\u00f2ria Arrufat<br \/>La mano titiritera<\/h3>\n<p>[\/et_pb_text][et_pb_text _builder_version=\u00bb4.27.4&#8243; _module_preset=\u00bbdefault\u00bb header_2_font=\u00bbArvo|700||on|||||\u00bb header_2_font_size=\u00bb30px\u00bb header_3_text_align=\u00bbcenter\u00bb header_3_font_size=\u00bb30px\u00bb header_3_line_height=\u00bb1.2em\u00bb text_orientation=\u00bbcenter\u00bb max_width=\u00bb500px\u00bb module_alignment=\u00bbcenter\u00bb custom_margin=\u00bb||1em||false|false\u00bb header_3_font_size_tablet=\u00bb25px\u00bb header_3_font_size_phone=\u00bb20px\u00bb header_3_font_size_last_edited=\u00bbon|phone\u00bb custom_css_free_form=\u00bbselector h1, selector h2, selector h3{||  padding-bottom:0px;||}\u00bb locked=\u00bboff\u00bb global_colors_info=\u00bb{}\u00bb]<\/p>\n<p>Cuando Gl\u00f2ria imagina algo, no solo lo imagina: \u00a1lo construye y le da vida! Dise\u00f1a, crea y manipula marionetas desde el a\u00f1o 2006. Su color favorito es el azul.<\/p>\n<p>[\/et_pb_text][\/et_pb_column][et_pb_column type=\u00bb1_3&#8243; _builder_version=\u00bb4.27.4&#8243; _module_preset=\u00bbdefault\u00bb global_colors_info=\u00bb{}\u00bb][et_pb_image src=\u00bbhttps:\/\/lamadelartista.cat\/wp-content\/uploads\/equip-ma-raquel-loscos-la-ma-de-lartista.webp\u00bb title_text=\u00bbequip-raquel-loscos-la-ma-de-lartista\u00bb align=\u00bbcenter\u00bb _builder_version=\u00bb4.27.4&#8243; _module_preset=\u00bbdefault\u00bb max_width=\u00bb200px\u00bb module_alignment=\u00bbcenter\u00bb global_colors_info=\u00bb{}\u00bb src__hover_enabled=\u00bbon|desktop\u00bb src__hover=\u00bbhttps:\/\/lamadelartista.cat\/wp-content\/uploads\/equip-raquel-loscos-la-ma-de-lartista-1.webp\u00bb][\/et_pb_image][et_pb_text _builder_version=\u00bb4.27.4&#8243; _module_preset=\u00bbdefault\u00bb text_font_size=\u00bb25px\u00bb header_2_font=\u00bbArvo|700||on|||||\u00bb header_2_font_size=\u00bb30px\u00bb header_3_font=\u00bbArvo||||||||\u00bb header_3_text_align=\u00bbcenter\u00bb header_3_font_size=\u00bb30px\u00bb header_3_line_height=\u00bb1.2em\u00bb text_orientation=\u00bbcenter\u00bb custom_margin=\u00bb||0.5em||false|false\u00bb header_3_font_size_tablet=\u00bb25px\u00bb header_3_font_size_phone=\u00bb20px\u00bb header_3_font_size_last_edited=\u00bbon|phone\u00bb custom_css_free_form=\u00bbselector h1, selector h2, selector h3{||  padding-bottom:0px;||}\u00bb locked=\u00bboff\u00bb global_colors_info=\u00bb{}\u00bb]<\/p>\n<h3>Raquel Loscos<br \/>La mano dramaturgica<\/h3>\n<p>[\/et_pb_text][et_pb_text _builder_version=\u00bb4.27.4&#8243; _module_preset=\u00bbdefault\u00bb header_2_font=\u00bbArvo|700||on|||||\u00bb header_2_font_size=\u00bb30px\u00bb header_3_text_align=\u00bbcenter\u00bb header_3_font_size=\u00bb30px\u00bb header_3_line_height=\u00bb1.2em\u00bb text_orientation=\u00bbcenter\u00bb max_width=\u00bb500px\u00bb module_alignment=\u00bbcenter\u00bb custom_margin=\u00bb||1em||false|false\u00bb header_3_font_size_tablet=\u00bb25px\u00bb header_3_font_size_phone=\u00bb20px\u00bb header_3_font_size_last_edited=\u00bbon|phone\u00bb custom_css_free_form=\u00bbselector h1, selector h2, selector h3{||  padding-bottom:0px;||}\u00bb locked=\u00bboff\u00bb global_colors_info=\u00bb{}\u00bb]<\/p>\n<p>Tiene la cabeza llena de p\u00e1jaros. De p\u00e1jaros, marcianos, zuecos, paraguas&#8230; Se dedica profesionalmente a la direcci\u00f3n y la dramaturgia desde 2013. Su color favorito es el turquesa.<\/p>\n<p>[\/et_pb_text][\/et_pb_column][et_pb_column type=\u00bb1_3&#8243; _builder_version=\u00bb4.27.4&#8243; _module_preset=\u00bbdefault\u00bb global_colors_info=\u00bb{}\u00bb][et_pb_image src=\u00bbhttps:\/\/lamadelartista.cat\/wp-content\/uploads\/equip-ma-moises-queralt-la-ma-de-lartista.webp\u00bb title_text=\u00bbequip-moises-queralt-la-ma-de-lartista\u00bb align=\u00bbcenter\u00bb _builder_version=\u00bb4.27.4&#8243; _module_preset=\u00bbdefault\u00bb max_width=\u00bb200px\u00bb module_alignment=\u00bbcenter\u00bb global_colors_info=\u00bb{}\u00bb src__hover_enabled=\u00bbon|hover\u00bb src__hover=\u00bbhttps:\/\/lamadelartista.cat\/wp-content\/uploads\/equip-moises-queralt-la-ma-de-lartista-1.webp\u00bb][\/et_pb_image][et_pb_text _builder_version=\u00bb4.27.4&#8243; _module_preset=\u00bbdefault\u00bb text_font_size=\u00bb25px\u00bb header_2_font=\u00bbArvo|700||on|||||\u00bb header_2_font_size=\u00bb30px\u00bb header_3_font=\u00bbArvo||||||||\u00bb header_3_text_align=\u00bbcenter\u00bb header_3_font_size=\u00bb30px\u00bb header_3_line_height=\u00bb1.2em\u00bb text_orientation=\u00bbcenter\u00bb custom_margin=\u00bb||0.5em||false|false\u00bb header_3_font_size_tablet=\u00bb25px\u00bb header_3_font_size_phone=\u00bb20px\u00bb header_3_font_size_last_edited=\u00bbon|phone\u00bb custom_css_free_form=\u00bbselector h1, selector h2, selector h3{||  padding-bottom:0px;||}\u00bb locked=\u00bboff\u00bb global_colors_info=\u00bb{}\u00bb]<\/p>\n<h3>Mois\u00e8s Queralt<br \/>La mano musical<\/h3>\n<p>[\/et_pb_text][et_pb_text _builder_version=\u00bb4.27.4&#8243; _module_preset=\u00bbdefault\u00bb header_2_font=\u00bbArvo|700||on|||||\u00bb header_2_font_size=\u00bb30px\u00bb header_3_text_align=\u00bbcenter\u00bb header_3_font_size=\u00bb30px\u00bb header_3_line_height=\u00bb1.2em\u00bb text_orientation=\u00bbcenter\u00bb max_width=\u00bb500px\u00bb module_alignment=\u00bbcenter\u00bb custom_margin=\u00bb||1em||false|false\u00bb header_3_font_size_tablet=\u00bb25px\u00bb header_3_font_size_phone=\u00bb20px\u00bb header_3_font_size_last_edited=\u00bbon|phone\u00bb custom_css_free_form=\u00bbselector h1, selector h2, selector h3{||  padding-bottom:0px;||}\u00bb locked=\u00bboff\u00bb global_colors_info=\u00bb{}\u00bb]<\/p>\n<p>Guitarrista, pianista, percusionista, artista en general y payaso en particular. Ahora bien: dice que de cantar, ni hablar. Pero luego se deja liar f\u00e1cilmente. Su color favorito es el naranja.<\/p>\n<p>[\/et_pb_text][\/et_pb_column][\/et_pb_row][et_pb_row column_structure=\u00bb1_2,1_2&#8243; _builder_version=\u00bb4.27.4&#8243; _module_preset=\u00bbdefault\u00bb width=\u00bb90%\u00bb max_width=\u00bb800px\u00bb module_alignment=\u00bbcenter\u00bb custom_padding=\u00bb0px||4em||false|false\u00bb locked=\u00bboff\u00bb global_colors_info=\u00bb{}\u00bb][et_pb_column type=\u00bb1_2&#8243; _builder_version=\u00bb4.27.4&#8243; _module_preset=\u00bbdefault\u00bb custom_padding_tablet=\u00bb||2em||false|false\u00bb custom_padding_phone=\u00bb||1em||false|false\u00bb custom_padding_last_edited=\u00bbon|phone\u00bb global_colors_info=\u00bb{}\u00bb][et_pb_image src=\u00bbhttps:\/\/lamadelartista.cat\/wp-content\/uploads\/equip-ma-ivo-garcia-la-ma-de-lartista.webp\u00bb title_text=\u00bbequip-ivo-garcia-la-ma-de-lartista\u00bb align=\u00bbcenter\u00bb _builder_version=\u00bb4.27.4&#8243; _module_preset=\u00bbdefault\u00bb max_width=\u00bb200px\u00bb module_alignment=\u00bbcenter\u00bb global_colors_info=\u00bb{}\u00bb src__hover_enabled=\u00bbon|desktop\u00bb src__hover=\u00bbhttps:\/\/lamadelartista.cat\/wp-content\/uploads\/equip-ivo-garcia-la-ma-de-lartista-1.webp\u00bb][\/et_pb_image][et_pb_text _builder_version=\u00bb4.27.4&#8243; _module_preset=\u00bbdefault\u00bb text_font_size=\u00bb25px\u00bb header_2_font=\u00bbArvo|700||on|||||\u00bb header_2_font_size=\u00bb30px\u00bb header_3_font=\u00bbArvo||||||||\u00bb header_3_text_align=\u00bbcenter\u00bb header_3_font_size=\u00bb30px\u00bb header_3_line_height=\u00bb1.2em\u00bb text_orientation=\u00bbcenter\u00bb custom_margin=\u00bb||0.5em||false|false\u00bb header_3_font_size_tablet=\u00bb25px\u00bb header_3_font_size_phone=\u00bb20px\u00bb header_3_font_size_last_edited=\u00bbon|phone\u00bb custom_css_free_form=\u00bbselector h1, selector h2, selector h3{||  padding-bottom:0px;||}\u00bb locked=\u00bboff\u00bb global_colors_info=\u00bb{}\u00bb]<\/p>\n<h3>Ivo Garcia<br \/>La mano t\u00e9cnica<\/h3>\n<p>[\/et_pb_text][et_pb_text _builder_version=\u00bb4.27.4&#8243; _module_preset=\u00bbdefault\u00bb header_2_font=\u00bbArvo|700||on|||||\u00bb header_2_font_size=\u00bb30px\u00bb header_3_text_align=\u00bbcenter\u00bb header_3_font_size=\u00bb30px\u00bb header_3_line_height=\u00bb1.2em\u00bb text_orientation=\u00bbcenter\u00bb max_width=\u00bb500px\u00bb module_alignment=\u00bbcenter\u00bb custom_margin=\u00bb||1em||false|false\u00bb header_3_font_size_tablet=\u00bb25px\u00bb header_3_font_size_phone=\u00bb20px\u00bb header_3_font_size_last_edited=\u00bbon|phone\u00bb custom_css_free_form=\u00bbselector h1, selector h2, selector h3{||  padding-bottom:0px;||}\u00bb locked=\u00bboff\u00bb global_colors_info=\u00bb{}\u00bb]<\/p>\n<p>Puede convertir el d\u00eda en noche, los desiertos en oc\u00e9anos y las bibliotecas en discotecas. Pero no soporta que las cosas no est\u00e9n rectas. Su color favorito es el verde.<\/p>\n<p>[\/et_pb_text][\/et_pb_column][et_pb_column type=\u00bb1_2&#8243; _builder_version=\u00bb4.27.4&#8243; _module_preset=\u00bbdefault\u00bb global_colors_info=\u00bb{}\u00bb][et_pb_image src=\u00bbhttps:\/\/lamadelartista.cat\/wp-content\/uploads\/equip-ma-maria-serra-la-ma-de-lartista.webp\u00bb title_text=\u00bbequip-maria-serra-la-ma-de-lartista\u00bb align=\u00bbcenter\u00bb _builder_version=\u00bb4.27.4&#8243; _module_preset=\u00bbdefault\u00bb max_width=\u00bb200px\u00bb module_alignment=\u00bbcenter\u00bb global_colors_info=\u00bb{}\u00bb src__hover_enabled=\u00bbon|desktop\u00bb src__hover=\u00bbhttps:\/\/lamadelartista.cat\/wp-content\/uploads\/equip-maria-serra-la-ma-de-lartista-1.webp\u00bb][\/et_pb_image][et_pb_text _builder_version=\u00bb4.27.4&#8243; _module_preset=\u00bbdefault\u00bb text_font_size=\u00bb25px\u00bb header_2_font=\u00bbArvo|700||on|||||\u00bb header_2_font_size=\u00bb30px\u00bb header_3_font=\u00bbArvo||||||||\u00bb header_3_text_align=\u00bbcenter\u00bb header_3_font_size=\u00bb30px\u00bb header_3_line_height=\u00bb1.2em\u00bb text_orientation=\u00bbcenter\u00bb custom_margin=\u00bb||0.5em||false|false\u00bb header_3_font_size_tablet=\u00bb25px\u00bb header_3_font_size_phone=\u00bb20px\u00bb header_3_font_size_last_edited=\u00bbon|phone\u00bb custom_css_free_form=\u00bbselector h1, selector h2, selector h3{||  padding-bottom:0px;||}\u00bb locked=\u00bboff\u00bb global_colors_info=\u00bb{}\u00bb]<\/p>\n<h3>Maria Sierra<br \/>La mano productora<\/h3>\n<p>[\/et_pb_text][et_pb_text _builder_version=\u00bb4.27.4&#8243; _module_preset=\u00bbdefault\u00bb header_2_font=\u00bbArvo|700||on|||||\u00bb header_2_font_size=\u00bb30px\u00bb header_3_text_align=\u00bbcenter\u00bb header_3_font_size=\u00bb30px\u00bb header_3_line_height=\u00bb1.2em\u00bb text_orientation=\u00bbcenter\u00bb max_width=\u00bb500px\u00bb module_alignment=\u00bbcenter\u00bb custom_margin=\u00bb||1em||false|false\u00bb header_3_font_size_tablet=\u00bb25px\u00bb header_3_font_size_phone=\u00bb20px\u00bb header_3_font_size_last_edited=\u00bbon|phone\u00bb custom_css_free_form=\u00bbselector h1, selector h2, selector h3{||  padding-bottom:0px;||}\u00bb locked=\u00bboff\u00bb global_colors_info=\u00bb{}\u00bb]<\/p>\n<p>Cuando t\u00fa lo est\u00e1s pensando, ella ya lo ha hecho. Y de paso, ha editado dos v\u00eddeos, compuesto una canci\u00f3n y cosido una camiseta. No estamos exagerando. Su color favorito es el lila.<\/p>\n<p>[\/et_pb_text][\/et_pb_column][\/et_pb_row][\/et_pb_section][et_pb_section fb_built=\u00bb1&#8243; _builder_version=\u00bb4.27.4&#8243; _module_preset=\u00bbdefault\u00bb background_image=\u00bbhttps:\/\/lamadelartista.cat\/wp-content\/uploads\/fonts-contacte-la-ma-de-lartista-1.svg\u00bb custom_padding=\u00bb0px||0px||true|false\u00bb saved_tabs=\u00bball\u00bb global_colors_info=\u00bb{}\u00bb][et_pb_row column_structure=\u00bb1_2,1_4,1_4&#8243; make_equal=\u00bbon\u00bb custom_padding_last_edited=\u00bboff|desktop\u00bb _builder_version=\u00bb4.27.4&#8243; _module_preset=\u00bbdefault\u00bb width=\u00bb90%\u00bb module_alignment=\u00bbcenter\u00bb custom_padding=\u00bb3em||3em||true|false\u00bb custom_padding_tablet=\u00bb||||false|false\u00bb custom_padding_phone=\u00bb0em||0em||true|false\u00bb custom_css_main_element=\u00bbalign-items:center;\u00bb global_colors_info=\u00bb{}\u00bb][et_pb_column type=\u00bb1_2&#8243; _builder_version=\u00bb4.27.4&#8243; _module_preset=\u00bbdefault\u00bb custom_css_main_element=\u00bbdisplay:flex;||flex-flow:wrap;\u00bb global_colors_info=\u00bb{}\u00bb custom_css_main_element_last_edited=\u00bbon|phone\u00bb custom_css_main_element_phone=\u00bbflex-flow:column;\u00bb custom_css_main_element_tablet=\u00bbdisplay:flex;||flex-flow:wrap;\u00bb][et_pb_text _builder_version=\u00bb4.27.4&#8243; _module_preset=\u00bbdefault\u00bb text_font_size=\u00bb25px\u00bb header_2_font=\u00bbArvo|||on|||||\u00bb header_2_text_align=\u00bbleft\u00bb header_2_font_size=\u00bb30px\u00bb text_orientation=\u00bbcenter\u00bb custom_margin=\u00bb||0em||false|false\u00bb header_2_font_size_tablet=\u00bb25px\u00bb header_2_font_size_phone=\u00bb25px\u00bb header_2_font_size_last_edited=\u00bbon|phone\u00bb custom_css_free_form=\u00bbselector h1, selector h2, selector h3{||  padding-bottom:0px;||}\u00bb global_colors_info=\u00bb{}\u00bb]<\/p>\n<h2 style=\"text-align: left;\"><strong>CONT<\/strong>(R)<strong>\u00c1TANOS<\/strong><\/h2>\n<p>[\/et_pb_text][\/et_pb_column][et_pb_column type=\u00bb1_4&#8243; _builder_version=\u00bb4.27.4&#8243; _module_preset=\u00bbdefault\u00bb custom_css_main_element=\u00bbdisplay:flex;||flex-flow:wrap;\u00bb global_colors_info=\u00bb{}\u00bb custom_css_main_element_last_edited=\u00bbon|phone\u00bb custom_css_main_element_phone=\u00bbflex-flow:column;\u00bb custom_css_main_element_tablet=\u00bbdisplay:flex;||flex-flow:wrap;\u00bb][et_pb_text _builder_version=\u00bb4.27.4&#8243; _module_preset=\u00bbdefault\u00bb text_text_color=\u00bb#000000&#8243; header_3_font=\u00bb||||||||\u00bb header_3_text_align=\u00bbcenter\u00bb header_3_text_color=\u00bb#000000&#8243; header_3_font_size=\u00bb18px\u00bb text_orientation=\u00bbcenter\u00bb width_tablet=\u00bb\u00bb width_phone=\u00bb\u00bb width_last_edited=\u00bbon|phone\u00bb max_width_tablet=\u00bb\u00bb max_width_phone=\u00bb\u00bb max_width_last_edited=\u00bbon|tablet\u00bb custom_margin=\u00bb||0px||false|false\u00bb custom_padding_tablet=\u00bb\u00bb custom_padding_phone=\u00bb1em||1em||false|false\u00bb custom_padding_last_edited=\u00bbon|phone\u00bb custom_css_free_form=\u00bbselector i{||  font-size:25px;||  margin-bottom:1em;||}\u00bb global_colors_info=\u00bb{}\u00bb]<\/p>\n<p style=\"text-align: left;\"><i class=\"fa-regular fa-envelope\" style=\"font-size: 15px; color: #c31052;\"><\/i> <a href=\"mailto:alamadelartista@gmail.com\">alamadelartista@gmail.com<\/a><br \/><i class=\"fa-solid fa-phone\" style=\"font-size: 15px; color: #c31052;\"><\/i> <a href=\"tel:+34636168337\">Gl\u00f2ria Arrufat +34 636 168 337<\/a><br \/><i class=\"fa-solid fa-phone\" style=\"font-size: 15px; color: #c31052;\"><\/i> <a href=\"tel:+34660212992\">Raquel Loscos +34 660 212 992<\/a><\/p>\n<p>[\/et_pb_text][\/et_pb_column][et_pb_column type=\u00bb1_4&#8243; _builder_version=\u00bb4.27.4&#8243; _module_preset=\u00bbdefault\u00bb custom_css_main_element=\u00bbdisplay:flex;||flex-flow:wrap;\u00bb global_colors_info=\u00bb{}\u00bb custom_css_main_element_last_edited=\u00bbon|phone\u00bb custom_css_main_element_phone=\u00bbflex-flow:column;\u00bb custom_css_main_element_tablet=\u00bbdisplay:flex;||flex-flow:wrap;\u00bb][et_pb_text _builder_version=\u00bb4.27.4&#8243; _module_preset=\u00bbdefault\u00bb text_text_color=\u00bb#000000&#8243; header_3_font=\u00bb||||||||\u00bb header_3_text_align=\u00bbcenter\u00bb header_3_text_color=\u00bb#000000&#8243; header_3_font_size=\u00bb18px\u00bb text_orientation=\u00bbcenter\u00bb width_tablet=\u00bb\u00bb width_phone=\u00bb100%\u00bb width_last_edited=\u00bbon|tablet\u00bb max_width_tablet=\u00bb\u00bb max_width_phone=\u00bb100%\u00bb max_width_last_edited=\u00bbon|tablet\u00bb custom_margin=\u00bb||0px||false|false\u00bb custom_padding_tablet=\u00bb\u00bb custom_padding_phone=\u00bb0em||1em||false|false\u00bb custom_padding_last_edited=\u00bbon|phone\u00bb custom_css_free_form=\u00bbselector i{||  font-size:25px;||  margin-bottom:1em;||}\u00bb global_colors_info=\u00bb{}\u00bb]<\/p>\n<p><i class=\"fa-brands fa-youtube\" style=\"font-size: 15px; color: #c31052;\"><\/i> <a href=\"https:\/\/www.youtube.com\/@lamadelartista2167\">La M\u00e0 de l&#8217;Artista<\/a><br \/>\n<i class=\"fa-brands fa-instagram\" style=\"font-size: 15px; color: #c31052;\"><\/i> <a href=\"https:\/\/www.instagram.com\/alamadelartista\/\" target=\"_blank\" rel=\"noopener\">@alamadelartista<\/a><\/p>\n<p>[\/et_pb_text][\/et_pb_column][\/et_pb_row][\/et_pb_section]<\/p>\n","protected":false},"excerpt":{"rendered":"<p>Qui\u00e9nes somosGl\u00f2ria ArrufatLa mano titiriteraCuando Gl\u00f2ria imagina algo, no solo lo imagina: \u00a1lo construye y le da vida! Dise\u00f1a, crea y manipula marionetas desde el a\u00f1o 2006. Su color favorito es el azul.Raquel LoscosLa mano dramaturgicaTiene la cabeza llena de p\u00e1jaros. De p\u00e1jaros, marcianos, zuecos, paraguas&#8230; Se dedica profesionalmente a la direcci\u00f3n y la dramaturgia [&hellip;]<\/p>\n","protected":false},"author":1,"featured_media":0,"parent":0,"menu_order":0,"comment_status":"closed","ping_status":"closed","template":"","meta":{"_acf_changed":false,"_et_pb_use_builder":"on","_et_pb_old_content":"","_et_gb_content_width":"","inline_featured_image":false,"footnotes":""},"class_list":["post-1002","page","type-page","status-publish","hentry"],"acf":[],"yoast_head":"<!-- This site is optimized with the Yoast SEO plugin v27.5 - https:\/\/yoast.com\/product\/yoast-seo-wordpress\/ -->\n<title>Qui\u00e9nes somos | La m\u00e0 de l&#039;artista<\/title>\n<meta name=\"robots\" content=\"index, follow, max-snippet:-1, max-image-preview:large, max-video-preview:-1\" \/>\n<link rel=\"canonical\" href=\"https:\/\/lamadelartista.cat\/qui-som\/\" \/>\n<meta property=\"og:locale\" content=\"es_ES\" \/>\n<meta property=\"og:type\" content=\"article\" \/>\n<meta property=\"og:title\" content=\"Qui\u00e9nes somos | La m\u00e0 de l&#039;artista\" \/>\n<meta property=\"og:description\" content=\"Qui\u00e9nes somosGl\u00f2ria ArrufatLa mano titiriteraCuando Gl\u00f2ria imagina algo, no solo lo imagina: \u00a1lo construye y le da vida! Dise\u00f1a, crea y manipula marionetas desde el a\u00f1o 2006. Su color favorito es el azul.Raquel LoscosLa mano dramaturgicaTiene la cabeza llena de p\u00e1jaros. De p\u00e1jaros, marcianos, zuecos, paraguas... Se dedica profesionalmente a la direcci\u00f3n y la dramaturgia [&hellip;]\" \/>\n<meta property=\"og:url\" content=\"https:\/\/lamadelartista.cat\/qui-som\/\" \/>\n<meta property=\"og:site_name\" content=\"La m\u00e0 de l&#039;artista\" \/>\n<meta property=\"article:modified_time\" content=\"2026-02-20T10:07:59+00:00\" \/>\n<meta name=\"twitter:card\" content=\"summary_large_image\" \/>\n<meta name=\"twitter:label1\" content=\"Tiempo de lectura\" \/>\n\t<meta name=\"twitter:data1\" content=\"10 minutos\" \/>\n<script type=\"application\/ld+json\" class=\"yoast-schema-graph\">{\"@context\":\"https:\\\/\\\/schema.org\",\"@graph\":[{\"@type\":\"WebPage\",\"@id\":\"https:\\\/\\\/lamadelartista.cat\\\/qui-som\\\/\",\"url\":\"https:\\\/\\\/lamadelartista.cat\\\/qui-som\\\/\",\"name\":\"Qui\u00e9nes somos | La m\u00e0 de l'artista\",\"isPartOf\":{\"@id\":\"https:\\\/\\\/lamadelartista.cat\\\/#website\"},\"datePublished\":\"2025-05-08T13:31:39+00:00\",\"dateModified\":\"2026-02-20T10:07:59+00:00\",\"breadcrumb\":{\"@id\":\"https:\\\/\\\/lamadelartista.cat\\\/qui-som\\\/#breadcrumb\"},\"inLanguage\":\"es\",\"potentialAction\":[{\"@type\":\"ReadAction\",\"target\":[\"https:\\\/\\\/lamadelartista.cat\\\/qui-som\\\/\"]}]},{\"@type\":\"BreadcrumbList\",\"@id\":\"https:\\\/\\\/lamadelartista.cat\\\/qui-som\\\/#breadcrumb\",\"itemListElement\":[{\"@type\":\"ListItem\",\"position\":1,\"name\":\"Home\",\"item\":\"https:\\\/\\\/lamadelartista.cat\\\/\"},{\"@type\":\"ListItem\",\"position\":2,\"name\":\"QUI\u00c9NES SOMOS\"}]},{\"@type\":\"WebSite\",\"@id\":\"https:\\\/\\\/lamadelartista.cat\\\/#website\",\"url\":\"https:\\\/\\\/lamadelartista.cat\\\/\",\"name\":\"The Office BCN\",\"description\":\"\",\"publisher\":{\"@id\":\"https:\\\/\\\/lamadelartista.cat\\\/#organization\"},\"potentialAction\":[{\"@type\":\"SearchAction\",\"target\":{\"@type\":\"EntryPoint\",\"urlTemplate\":\"https:\\\/\\\/lamadelartista.cat\\\/?s={search_term_string}\"},\"query-input\":{\"@type\":\"PropertyValueSpecification\",\"valueRequired\":true,\"valueName\":\"search_term_string\"}}],\"inLanguage\":\"es\"},{\"@type\":\"Organization\",\"@id\":\"https:\\\/\\\/lamadelartista.cat\\\/#organization\",\"name\":\"The Office BCN\",\"url\":\"https:\\\/\\\/lamadelartista.cat\\\/\",\"logo\":{\"@type\":\"ImageObject\",\"inLanguage\":\"es\",\"@id\":\"https:\\\/\\\/lamadelartista.cat\\\/#\\\/schema\\\/logo\\\/image\\\/\",\"url\":\"http:\\\/\\\/lamadelartista.cat\\\/wp-content\\\/uploads\\\/the_office_barcelona_coworking_logo.png\",\"contentUrl\":\"http:\\\/\\\/lamadelartista.cat\\\/wp-content\\\/uploads\\\/the_office_barcelona_coworking_logo.png\",\"width\":782,\"height\":115,\"caption\":\"The Office BCN\"},\"image\":{\"@id\":\"https:\\\/\\\/lamadelartista.cat\\\/#\\\/schema\\\/logo\\\/image\\\/\"}}]}<\/script>\n<!-- \/ Yoast SEO plugin. -->","yoast_head_json":{"title":"Qui\u00e9nes somos | La m\u00e0 de l'artista","robots":{"index":"index","follow":"follow","max-snippet":"max-snippet:-1","max-image-preview":"max-image-preview:large","max-video-preview":"max-video-preview:-1"},"canonical":"https:\/\/lamadelartista.cat\/qui-som\/","og_locale":"es_ES","og_type":"article","og_title":"Qui\u00e9nes somos | La m\u00e0 de l'artista","og_description":"Qui\u00e9nes somosGl\u00f2ria ArrufatLa mano titiriteraCuando Gl\u00f2ria imagina algo, no solo lo imagina: \u00a1lo construye y le da vida! Dise\u00f1a, crea y manipula marionetas desde el a\u00f1o 2006. Su color favorito es el azul.Raquel LoscosLa mano dramaturgicaTiene la cabeza llena de p\u00e1jaros. De p\u00e1jaros, marcianos, zuecos, paraguas... Se dedica profesionalmente a la direcci\u00f3n y la dramaturgia [&hellip;]","og_url":"https:\/\/lamadelartista.cat\/qui-som\/","og_site_name":"La m\u00e0 de l&#039;artista","article_modified_time":"2026-02-20T10:07:59+00:00","twitter_card":"summary_large_image","twitter_misc":{"Tiempo de lectura":"10 minutos"},"schema":{"@context":"https:\/\/schema.org","@graph":[{"@type":"WebPage","@id":"https:\/\/lamadelartista.cat\/qui-som\/","url":"https:\/\/lamadelartista.cat\/qui-som\/","name":"Qui\u00e9nes somos | La m\u00e0 de l'artista","isPartOf":{"@id":"https:\/\/lamadelartista.cat\/#website"},"datePublished":"2025-05-08T13:31:39+00:00","dateModified":"2026-02-20T10:07:59+00:00","breadcrumb":{"@id":"https:\/\/lamadelartista.cat\/qui-som\/#breadcrumb"},"inLanguage":"es","potentialAction":[{"@type":"ReadAction","target":["https:\/\/lamadelartista.cat\/qui-som\/"]}]},{"@type":"BreadcrumbList","@id":"https:\/\/lamadelartista.cat\/qui-som\/#breadcrumb","itemListElement":[{"@type":"ListItem","position":1,"name":"Home","item":"https:\/\/lamadelartista.cat\/"},{"@type":"ListItem","position":2,"name":"QUI\u00c9NES SOMOS"}]},{"@type":"WebSite","@id":"https:\/\/lamadelartista.cat\/#website","url":"https:\/\/lamadelartista.cat\/","name":"The Office BCN","description":"","publisher":{"@id":"https:\/\/lamadelartista.cat\/#organization"},"potentialAction":[{"@type":"SearchAction","target":{"@type":"EntryPoint","urlTemplate":"https:\/\/lamadelartista.cat\/?s={search_term_string}"},"query-input":{"@type":"PropertyValueSpecification","valueRequired":true,"valueName":"search_term_string"}}],"inLanguage":"es"},{"@type":"Organization","@id":"https:\/\/lamadelartista.cat\/#organization","name":"The Office BCN","url":"https:\/\/lamadelartista.cat\/","logo":{"@type":"ImageObject","inLanguage":"es","@id":"https:\/\/lamadelartista.cat\/#\/schema\/logo\/image\/","url":"http:\/\/lamadelartista.cat\/wp-content\/uploads\/the_office_barcelona_coworking_logo.png","contentUrl":"http:\/\/lamadelartista.cat\/wp-content\/uploads\/the_office_barcelona_coworking_logo.png","width":782,"height":115,"caption":"The Office BCN"},"image":{"@id":"https:\/\/lamadelartista.cat\/#\/schema\/logo\/image\/"}}]}},"_links":{"self":[{"href":"https:\/\/lamadelartista.cat\/es\/wp-json\/wp\/v2\/pages\/1002","targetHints":{"allow":["GET"]}}],"collection":[{"href":"https:\/\/lamadelartista.cat\/es\/wp-json\/wp\/v2\/pages"}],"about":[{"href":"https:\/\/lamadelartista.cat\/es\/wp-json\/wp\/v2\/types\/page"}],"author":[{"embeddable":true,"href":"https:\/\/lamadelartista.cat\/es\/wp-json\/wp\/v2\/users\/1"}],"replies":[{"embeddable":true,"href":"https:\/\/lamadelartista.cat\/es\/wp-json\/wp\/v2\/comments?post=1002"}],"version-history":[{"count":16,"href":"https:\/\/lamadelartista.cat\/es\/wp-json\/wp\/v2\/pages\/1002\/revisions"}],"predecessor-version":[{"id":1455,"href":"https:\/\/lamadelartista.cat\/es\/wp-json\/wp\/v2\/pages\/1002\/revisions\/1455"}],"wp:attachment":[{"href":"https:\/\/lamadelartista.cat\/es\/wp-json\/wp\/v2\/media?parent=1002"}],"curies":[{"name":"wp","href":"https:\/\/api.w.org\/{rel}","templated":true}]}}